{"id":7903,"date":"2026-01-30T09:33:15","date_gmt":"2026-01-30T08:33:15","guid":{"rendered":"https:\/\/www.coemmo.com\/commerce-de-detail-marque-et-communication\/"},"modified":"2026-03-04T15:20:15","modified_gmt":"2026-03-04T14:20:15","slug":"commerce-de-detail-marque-et-communication","status":"publish","type":"page","link":"https:\/\/www.coemmo.com\/fr\/commerce-de-detail-marque-et-communication\/","title":{"rendered":"Commerce de d\u00e9tail, marque et communication"},"content":{"rendered":"\t\t<div data-elementor-type=\"wp-page\" data-elementor-id=\"7903\" class=\"elementor elementor-7903 elementor-7330\" data-elementor-post-type=\"page\">\n\t\t\t\t<div class=\"elementor-element elementor-element-3bfe5a6 animated-slow e-flex e-con-boxed elementor-invisible e-con e-parent\" data-id=\"3bfe5a6\" data-element_type=\"container\" data-e-type=\"container\" data-settings=\"{&quot;background_background&quot;:&quot;classic&quot;,&quot;animation&quot;:&quot;fadeIn&quot;,&quot;animation_delay&quot;:500}\">\n\t\t\t\t\t<div class=\"e-con-inner\">\n\t\t\t\t<div class=\"elementor-element elementor-element-59154fa elementor-widget__width-initial animated-slow elementor-invisible elementor-widget elementor-widget-heading\" data-id=\"59154fa\" data-element_type=\"widget\" data-e-type=\"widget\" data-settings=\"{&quot;_animation&quot;:&quot;fadeIn&quot;,&quot;_animation_delay&quot;:300}\" data-widget_type=\"heading.default\">\n\t\t\t\t<div class=\"elementor-widget-container\">\n\t\t\t\t\t<h1 class=\"elementor-heading-title elementor-size-default\"><span>Solutions de pr\u00e9sentation et de communication pour le <\/span> commerce de d\u00e9tail et la marque<\/h1>\t\t\t\t<\/div>\n\t\t\t\t<\/div>\n\t\t\t\t\t<\/div>\n\t\t\t\t<\/div>\n\t\t<div class=\"elementor-element elementor-element-a63ed09 e-con-full e-flex e-con e-parent\" data-id=\"a63ed09\" data-element_type=\"container\" data-e-type=\"container\">\n\t\t<div class=\"elementor-element elementor-element-f3e023f e-con-full e-flex e-con e-child\" data-id=\"f3e023f\" data-element_type=\"container\" data-e-type=\"container\">\n\t\t\t\t<div class=\"elementor-element elementor-element-e520838 animated-slow elementor-invisible elementor-widget elementor-widget-text-editor\" data-id=\"e520838\" data-element_type=\"widget\" data-e-type=\"widget\" data-settings=\"{&quot;_animation&quot;:&quot;fadeIn&quot;,&quot;_animation_delay&quot;:600}\" data-widget_type=\"text-editor.default\">\n\t\t\t\t<div class=\"elementor-widget-container\">\n\t\t\t\t\t\t\t\t\t<p>Chez <strong>COEMMO<\/strong>, nous d\u00e9veloppons des <strong>solutions de pr\u00e9sentation, de communication et de signalisation pour le secteur du commerce de d\u00e9tail et de la marque<\/strong>, con\u00e7ues pour renforcer l&rsquo;image de marque et am\u00e9liorer l&rsquo;exp\u00e9rience client dans les points de vente, les salons et les espaces commerciaux.<\/p><p>Nous travaillons avec des mat\u00e9riaux visuels et des supports personnalisables qui permettent de <strong>communiquer, de signaler et de pr\u00e9senter les produits de mani\u00e8re efficace<\/strong>, en combinant impact visuel, qualit\u00e9 et fonctionnalit\u00e9 selon chaque besoin.<\/p>\t\t\t\t\t\t\t\t<\/div>\n\t\t\t\t<\/div>\n\t\t\t\t<\/div>\n\t\t<div class=\"elementor-element elementor-element-5e499b9 e-con-full animated-slow e-flex elementor-invisible e-con e-child\" data-id=\"5e499b9\" data-element_type=\"container\" data-e-type=\"container\" data-settings=\"{&quot;background_background&quot;:&quot;classic&quot;,&quot;animation&quot;:&quot;fadeInRight&quot;,&quot;animation_delay&quot;:300}\">\n\t\t\t\t<\/div>\n\t\t\t\t<\/div>\n\t\t<div class=\"elementor-element elementor-element-a91de9b e-flex e-con-boxed e-con e-parent\" data-id=\"a91de9b\" data-element_type=\"container\" data-e-type=\"container\" data-settings=\"{&quot;background_background&quot;:&quot;classic&quot;}\">\n\t\t\t\t\t<div class=\"e-con-inner\">\n\t\t<div class=\"elementor-element elementor-element-71b0950 e-flex e-con-boxed e-con e-child\" data-id=\"71b0950\" data-element_type=\"container\" data-e-type=\"container\">\n\t\t\t\t\t<div class=\"e-con-inner\">\n\t\t\t\t<div class=\"elementor-element elementor-element-c81ef20 animated-slow elementor-invisible elementor-widget elementor-widget-heading\" data-id=\"c81ef20\" data-element_type=\"widget\" data-e-type=\"widget\" data-settings=\"{&quot;_animation&quot;:&quot;fadeIn&quot;}\" data-widget_type=\"heading.default\">\n\t\t\t\t<div class=\"elementor-widget-container\">\n\t\t\t\t\t<h2 class=\"elementor-heading-title elementor-size-default\">Produits associ\u00e9s<\/h2>\t\t\t\t<\/div>\n\t\t\t\t<\/div>\n\t\t\t\t<div class=\"elementor-element elementor-element-174b5f7 animated-slow elementor-invisible elementor-widget elementor-widget-text-editor\" data-id=\"174b5f7\" data-element_type=\"widget\" data-e-type=\"widget\" data-settings=\"{&quot;_animation&quot;:&quot;fadeIn&quot;,&quot;_animation_delay&quot;:600}\" data-widget_type=\"text-editor.default\">\n\t\t\t\t<div class=\"elementor-widget-container\">\n\t\t\t\t\t\t\t\t\t<p>Protection, efficacit\u00e9 et conformit\u00e9 r\u00e9glementaire dans les solutions d&#8217;emballage pour la communication, le commerce de d\u00e9tail et la marque.<\/p>\t\t\t\t\t\t\t\t<\/div>\n\t\t\t\t<\/div>\n\t\t\t\t\t<\/div>\n\t\t\t\t<\/div>\n\t\t<div class=\"elementor-element elementor-element-aeb37d3 e-con-full animated-slow e-flex elementor-invisible e-con e-child\" data-id=\"aeb37d3\" data-element_type=\"container\" data-e-type=\"container\" data-settings=\"{&quot;animation&quot;:&quot;fadeIn&quot;,&quot;animation_delay&quot;:400}\">\n\t\t\t\t<div class=\"elementor-element elementor-element-ff504ca elementor-grid-6 elementor-grid-laptop-3 elementor-grid-tablet-2 elementor-grid-mobile-1 elementor-widget elementor-widget-loop-grid\" data-id=\"ff504ca\" data-element_type=\"widget\" data-e-type=\"widget\" data-settings=\"{&quot;template_id&quot;:8078,&quot;columns&quot;:6,&quot;columns_laptop&quot;:3,&quot;_skin&quot;:&quot;post&quot;,&quot;columns_tablet&quot;:&quot;2&quot;,&quot;columns_mobile&quot;:&quot;1&quot;,&quot;edit_handle_selector&quot;:&quot;[data-elementor-type=\\&quot;loop-item\\&quot;]&quot;,&quot;row_gap&quot;:{&quot;unit&quot;:&quot;px&quot;,&quot;size&quot;:&quot;&quot;,&quot;sizes&quot;:[]},&quot;row_gap_laptop&quot;:{&quot;unit&quot;:&quot;px&quot;,&quot;size&quot;:&quot;&quot;,&quot;sizes&quot;:[]},&quot;row_gap_tablet&quot;:{&quot;unit&quot;:&quot;px&quot;,&quot;size&quot;:&quot;&quot;,&quot;sizes&quot;:[]},&quot;row_gap_mobile&quot;:{&quot;unit&quot;:&quot;px&quot;,&quot;size&quot;:&quot;&quot;,&quot;sizes&quot;:[]}}\" data-widget_type=\"loop-grid.post\">\n\t\t\t\t<div class=\"elementor-widget-container\">\n\t\t\t\t\t\t\t<div class=\"elementor-loop-container elementor-grid\" role=\"list\">\n\t\t<style id=\"loop-8078\">.elementor-8078 .elementor-element.elementor-element-c78559e{--display:flex;--flex-direction:column;--container-widget-width:calc( ( 1 - var( --container-widget-flex-grow ) ) * 100% );--container-widget-height:initial;--container-widget-flex-grow:0;--container-widget-align-self:initial;--flex-wrap-mobile:wrap;--justify-content:space-between;--align-items:center;--gap:10px 10px;--row-gap:10px;--column-gap:10px;border-style:none;--border-style:none;--border-radius:20px 20px 20px 20px;--margin-top:0px;--margin-bottom:0px;--margin-left:0px;--margin-right:0px;--padding-top:30px;--padding-bottom:30px;--padding-left:30px;--padding-right:30px;}.elementor-8078 .elementor-element.elementor-element-c78559e:not(.elementor-motion-effects-element-type-background), .elementor-8078 .elementor-element.elementor-element-c78559e > .elementor-motion-effects-container > .elementor-motion-effects-layer{background-color:var( --e-global-color-nvsitebg );}.elementor-8078 .elementor-element.elementor-element-c78559e.e-con:hover{--e-con-transform-scale:0.96;}.elementor-widget-image .widget-image-caption{color:var( --e-global-color-text );font-family:var( --e-global-typography-text-font-family ), Sans-serif;font-weight:var( --e-global-typography-text-font-weight );}.elementor-8078 .elementor-element.elementor-element-ce5a762 img{width:100%;border-radius:9px 9px 9px 9px;}.elementor-8078 .elementor-element.elementor-element-ce5a762 > .elementor-widget-container{margin:0px 0px 10px 0px;}.elementor-8078 .elementor-element.elementor-element-03a82c1{--display:flex;--gap:10px 10px;--row-gap:10px;--column-gap:10px;--padding-top:0px;--padding-bottom:0px;--padding-left:0px;--padding-right:0px;}.elementor-widget-heading .elementor-heading-title{font-family:var( --e-global-typography-primary-font-family ), Sans-serif;font-weight:var( --e-global-typography-primary-font-weight );color:var( --e-global-color-primary );}.elementor-8078 .elementor-element.elementor-element-6f9a2f4{text-align:start;}.elementor-8078 .elementor-element.elementor-element-6f9a2f4 .elementor-heading-title{font-family:\"din-2014\", Sans-serif;font-size:22px;font-weight:700;line-height:1.1em;letter-spacing:0em;color:var( --e-global-color-nvdarkbg );}.elementor-8078 .elementor-element.elementor-element-2908308{--display:flex;--flex-direction:row;--container-widget-width:calc( ( 1 - var( --container-widget-flex-grow ) ) * 100% );--container-widget-height:100%;--container-widget-flex-grow:1;--container-widget-align-self:stretch;--flex-wrap-mobile:wrap;--justify-content:space-between;--align-items:center;--padding-top:0px;--padding-bottom:0px;--padding-left:0px;--padding-right:0px;}.elementor-8078 .elementor-element.elementor-element-9f898fb{text-align:start;}.elementor-8078 .elementor-element.elementor-element-9f898fb .elementor-heading-title{font-family:\"din-2014\", Sans-serif;font-size:14px;font-weight:400;text-transform:uppercase;line-height:1.3em;letter-spacing:0.03em;color:var( --e-global-color-nvdarkbg );}@media(max-width:1366px) and (min-width:768px){.elementor-8078 .elementor-element.elementor-element-c78559e{--width:100%;}}@media(max-width:1024px) and (min-width:768px){.elementor-8078 .elementor-element.elementor-element-c78559e{--width:100%;}}@media(max-width:1366px){.elementor-8078 .elementor-element.elementor-element-c78559e{--justify-content:center;--padding-top:25px;--padding-bottom:25px;--padding-left:25px;--padding-right:25px;}.elementor-8078 .elementor-element.elementor-element-ce5a762 img{width:100%;}.elementor-8078 .elementor-element.elementor-element-6f9a2f4 .elementor-heading-title{font-size:20px;}.elementor-8078 .elementor-element.elementor-element-9f898fb .elementor-heading-title{font-size:15px;}}@media(max-width:1024px){.elementor-8078 .elementor-element.elementor-element-c78559e{--padding-top:30px;--padding-bottom:30px;--padding-left:30px;--padding-right:30px;}.elementor-8078 .elementor-element.elementor-element-ce5a762 img{width:100%;}.elementor-8078 .elementor-element.elementor-element-6f9a2f4 .elementor-heading-title{font-size:20px;}.elementor-8078 .elementor-element.elementor-element-9f898fb .elementor-heading-title{font-size:14px;}}@media(max-width:767px){.elementor-8078 .elementor-element.elementor-element-c78559e{--flex-direction:row;--container-widget-width:initial;--container-widget-height:100%;--container-widget-flex-grow:1;--container-widget-align-self:stretch;--flex-wrap-mobile:wrap;}.elementor-8078 .elementor-element.elementor-element-ce5a762 img{width:100%;}.elementor-8078 .elementor-element.elementor-element-6f9a2f4 .elementor-heading-title{font-size:20px;}.elementor-8078 .elementor-element.elementor-element-2908308{--flex-wrap:wrap;}.elementor-8078 .elementor-element.elementor-element-9f898fb .elementor-heading-title{font-size:14px;}}\/* Start custom CSS for heading, class: .elementor-element-9f898fb *\/.elementor-8078 .elementor-element.elementor-element-9f898fb .elementor-heading-title {\n    display:flex;\n    flex-direction: column;\n    gap:3px;\n}\n\n.elementor-8078 .elementor-element.elementor-element-9f898fb span:nth-child(2) {\n    opacity:0.5;\n    font-size:0.85em;\n    \n}\/* End custom CSS *\/\n\/* Start custom CSS for container, class: .elementor-element-c78559e *\/.elementor-8078 .elementor-element.elementor-element-c78559e {\n    aspect-ratio: 3 \/ 4;\n}\/* End custom CSS *\/<\/style>\t\t<div data-elementor-type=\"loop-item\" data-elementor-id=\"8078\" class=\"elementor elementor-8078 elementor-6781 elementor-6781 e-loop-item e-loop-item-8263 post-8263 producto type-producto status-publish has-post-thumbnail hentry sector-retail-marque-et-communication tipo-de-caracteristica-produit-sur-mesure tipo-de-caracteristica-visuels-communication tipo-de-material-carton-et-papier tipo-de-producto-marketing tipo-de-producto-marketing-signaletique\" data-elementor-post-type=\"elementor_library\" data-custom-edit-handle=\"1\">\n\t\t\t<a class=\"elementor-element elementor-element-c78559e e-con-full e-transform e-flex e-con e-child\" data-id=\"c78559e\" data-element_type=\"container\" data-e-type=\"container\" data-settings=\"{&quot;background_background&quot;:&quot;classic&quot;,&quot;_transform_scale_effect_hover&quot;:{&quot;unit&quot;:&quot;px&quot;,&quot;size&quot;:0.96,&quot;sizes&quot;:[]},&quot;_transform_scale_effect_hover_laptop&quot;:{&quot;unit&quot;:&quot;px&quot;,&quot;size&quot;:&quot;&quot;,&quot;sizes&quot;:[]},&quot;_transform_scale_effect_hover_tablet&quot;:{&quot;unit&quot;:&quot;px&quot;,&quot;size&quot;:&quot;&quot;,&quot;sizes&quot;:[]},&quot;_transform_scale_effect_hover_mobile&quot;:{&quot;unit&quot;:&quot;px&quot;,&quot;size&quot;:&quot;&quot;,&quot;sizes&quot;:[]}}\" href=\"https:\/\/www.coemmo.com\/fr\/produit\/coffret-premium-a-fermeture-magnetique\/\">\n\t\t\t\t<div class=\"elementor-element elementor-element-ce5a762 elementor-widget elementor-widget-image\" data-id=\"ce5a762\" data-element_type=\"widget\" data-e-type=\"widget\" data-widget_type=\"image.default\">\n\t\t\t\t<div class=\"elementor-widget-container\">\n\t\t\t\t\t\t\t\t\t\t\t\t\t\t\t<img decoding=\"async\" src=\"https:\/\/www.coemmo.com\/wp-content\/uploads\/elementor\/thumbs\/box-premium-cierre-magnetico-rhvr2ef57wdyiyltaxr5kpunw1qqlmpfhmhezuvn68.jpg\" title=\"coffret-premium-fermeture-magnetique\" alt=\"Bo\u00eete premium rigide avec couvercle rabattable et fermeture magn\u00e9tique, finition \u00e9l\u00e9gante et personnalis\u00e9e.\" loading=\"lazy\" \/>\t\t\t\t\t\t\t\t\t\t\t\t\t\t\t<\/div>\n\t\t\t\t<\/div>\n\t\t<div class=\"elementor-element elementor-element-03a82c1 e-flex e-con-boxed e-con e-child\" data-id=\"03a82c1\" data-element_type=\"container\" data-e-type=\"container\">\n\t\t\t\t\t<div class=\"e-con-inner\">\n\t\t\t\t<div class=\"elementor-element elementor-element-6f9a2f4 elementor-widget elementor-widget-heading\" data-id=\"6f9a2f4\" data-element_type=\"widget\" data-e-type=\"widget\" data-widget_type=\"heading.default\">\n\t\t\t\t<div class=\"elementor-widget-container\">\n\t\t\t\t\t<h3 class=\"elementor-heading-title elementor-size-default\">Coffret Premium \u00e0 Fermeture Magn\u00e9tique<\/h3>\t\t\t\t<\/div>\n\t\t\t\t<\/div>\n\t\t<div class=\"elementor-element elementor-element-2908308 e-con-full e-flex e-con e-child\" data-id=\"2908308\" data-element_type=\"container\" data-e-type=\"container\">\n\t\t\t\t<div class=\"elementor-element elementor-element-9f898fb elementor-widget elementor-widget-heading\" data-id=\"9f898fb\" data-element_type=\"widget\" data-e-type=\"widget\" data-widget_type=\"heading.default\">\n\t\t\t\t<div class=\"elementor-widget-container\">\n\t\t\t\t\t<div class=\"elementor-heading-title elementor-size-default\"><span>Marketing<\/span><span>Marketing \/ Signal\u00e9tique<\/span><\/div>\t\t\t\t<\/div>\n\t\t\t\t<\/div>\n\t\t\t\t<\/div>\n\t\t\t\t\t<\/div>\n\t\t\t\t<\/div>\n\t\t\t\t<\/a>\n\t\t\t\t<\/div>\n\t\t\t\t<div data-elementor-type=\"loop-item\" data-elementor-id=\"8078\" class=\"elementor elementor-8078 elementor-6781 elementor-6781 e-loop-item e-loop-item-8870 post-8870 producto type-producto status-publish has-post-thumbnail hentry sector-retail-marque-et-communication tipo-de-caracteristica-produit-sur-mesure tipo-de-caracteristica-visuels-communication tipo-de-material-pvc tipo-de-producto-marketing tipo-de-producto-marketing-signaletique\" data-elementor-post-type=\"elementor_library\" data-custom-edit-handle=\"1\">\n\t\t\t<a class=\"elementor-element elementor-element-c78559e e-con-full e-transform e-flex e-con e-child\" data-id=\"c78559e\" data-element_type=\"container\" data-e-type=\"container\" data-settings=\"{&quot;background_background&quot;:&quot;classic&quot;,&quot;_transform_scale_effect_hover&quot;:{&quot;unit&quot;:&quot;px&quot;,&quot;size&quot;:0.96,&quot;sizes&quot;:[]},&quot;_transform_scale_effect_hover_laptop&quot;:{&quot;unit&quot;:&quot;px&quot;,&quot;size&quot;:&quot;&quot;,&quot;sizes&quot;:[]},&quot;_transform_scale_effect_hover_tablet&quot;:{&quot;unit&quot;:&quot;px&quot;,&quot;size&quot;:&quot;&quot;,&quot;sizes&quot;:[]},&quot;_transform_scale_effect_hover_mobile&quot;:{&quot;unit&quot;:&quot;px&quot;,&quot;size&quot;:&quot;&quot;,&quot;sizes&quot;:[]}}\" href=\"https:\/\/www.coemmo.com\/fr\/produit\/boites-en-eva\/\">\n\t\t\t\t<div class=\"elementor-element elementor-element-ce5a762 elementor-widget elementor-widget-image\" data-id=\"ce5a762\" data-element_type=\"widget\" data-e-type=\"widget\" data-widget_type=\"image.default\">\n\t\t\t\t<div class=\"elementor-widget-container\">\n\t\t\t\t\t\t\t\t\t\t\t\t\t\t\t<img decoding=\"async\" src=\"https:\/\/www.coemmo.com\/wp-content\/uploads\/elementor\/thumbs\/cajas-eva-rhvr5uhua13t3hll6fdwpujiawr6todzyolicdrocw.jpg\" title=\"bo\u00eetes-eva\" alt=\"Bo\u00eete rigide avec int\u00e9rieur en mousse EVA d\u00e9coup\u00e9e pour la pr\u00e9sentation et la protection de produits.\" loading=\"lazy\" \/>\t\t\t\t\t\t\t\t\t\t\t\t\t\t\t<\/div>\n\t\t\t\t<\/div>\n\t\t<div class=\"elementor-element elementor-element-03a82c1 e-flex e-con-boxed e-con e-child\" data-id=\"03a82c1\" data-element_type=\"container\" data-e-type=\"container\">\n\t\t\t\t\t<div class=\"e-con-inner\">\n\t\t\t\t<div class=\"elementor-element elementor-element-6f9a2f4 elementor-widget elementor-widget-heading\" data-id=\"6f9a2f4\" data-element_type=\"widget\" data-e-type=\"widget\" data-widget_type=\"heading.default\">\n\t\t\t\t<div class=\"elementor-widget-container\">\n\t\t\t\t\t<h3 class=\"elementor-heading-title elementor-size-default\">Bo\u00eetes en EVA<\/h3>\t\t\t\t<\/div>\n\t\t\t\t<\/div>\n\t\t<div class=\"elementor-element elementor-element-2908308 e-con-full e-flex e-con e-child\" data-id=\"2908308\" data-element_type=\"container\" data-e-type=\"container\">\n\t\t\t\t<div class=\"elementor-element elementor-element-9f898fb elementor-widget elementor-widget-heading\" data-id=\"9f898fb\" data-element_type=\"widget\" data-e-type=\"widget\" data-widget_type=\"heading.default\">\n\t\t\t\t<div class=\"elementor-widget-container\">\n\t\t\t\t\t<div class=\"elementor-heading-title elementor-size-default\"><span>Marketing<\/span><span>Marketing \/ Signal\u00e9tique<\/span><\/div>\t\t\t\t<\/div>\n\t\t\t\t<\/div>\n\t\t\t\t<\/div>\n\t\t\t\t\t<\/div>\n\t\t\t\t<\/div>\n\t\t\t\t<\/a>\n\t\t\t\t<\/div>\n\t\t\t\t<div data-elementor-type=\"loop-item\" data-elementor-id=\"8078\" class=\"elementor elementor-8078 elementor-6781 elementor-6781 e-loop-item e-loop-item-8820 post-8820 producto type-producto status-publish has-post-thumbnail hentry sector-retail-marque-et-communication tipo-de-caracteristica-haute-resistance-usage-industriel tipo-de-caracteristica-produit-sur-mesure tipo-de-caracteristica-visuels-communication tipo-de-material-pmma-polycarbonate tipo-de-producto-marketing tipo-de-producto-marketing-signaletique tipo-de-producto-plastiques-techniques tipo-de-producto-produit-technique\" data-elementor-post-type=\"elementor_library\" data-custom-edit-handle=\"1\">\n\t\t\t<a class=\"elementor-element elementor-element-c78559e e-con-full e-transform e-flex e-con e-child\" data-id=\"c78559e\" data-element_type=\"container\" data-e-type=\"container\" data-settings=\"{&quot;background_background&quot;:&quot;classic&quot;,&quot;_transform_scale_effect_hover&quot;:{&quot;unit&quot;:&quot;px&quot;,&quot;size&quot;:0.96,&quot;sizes&quot;:[]},&quot;_transform_scale_effect_hover_laptop&quot;:{&quot;unit&quot;:&quot;px&quot;,&quot;size&quot;:&quot;&quot;,&quot;sizes&quot;:[]},&quot;_transform_scale_effect_hover_tablet&quot;:{&quot;unit&quot;:&quot;px&quot;,&quot;size&quot;:&quot;&quot;,&quot;sizes&quot;:[]},&quot;_transform_scale_effect_hover_mobile&quot;:{&quot;unit&quot;:&quot;px&quot;,&quot;size&quot;:&quot;&quot;,&quot;sizes&quot;:[]}}\" href=\"https:\/\/www.coemmo.com\/fr\/produit\/plaque-methacrylate\/\">\n\t\t\t\t<div class=\"elementor-element elementor-element-ce5a762 elementor-widget elementor-widget-image\" data-id=\"ce5a762\" data-element_type=\"widget\" data-e-type=\"widget\" data-widget_type=\"image.default\">\n\t\t\t\t<div class=\"elementor-widget-container\">\n\t\t\t\t\t\t\t\t\t\t\t\t\t\t\t<img decoding=\"async\" src=\"https:\/\/www.coemmo.com\/wp-content\/uploads\/elementor\/thumbs\/plancha-metacrilato-rhxad2y76lhaoz134f537dk2f5xe8zkn6kyy679xjk.jpg\" title=\"plaque-methacrylate\" alt=\"Plaque de m\u00e9thacrylate transparente, rigide et \u00e0 surface lisse.\" loading=\"lazy\" \/>\t\t\t\t\t\t\t\t\t\t\t\t\t\t\t<\/div>\n\t\t\t\t<\/div>\n\t\t<div class=\"elementor-element elementor-element-03a82c1 e-flex e-con-boxed e-con e-child\" data-id=\"03a82c1\" data-element_type=\"container\" data-e-type=\"container\">\n\t\t\t\t\t<div class=\"e-con-inner\">\n\t\t\t\t<div class=\"elementor-element elementor-element-6f9a2f4 elementor-widget elementor-widget-heading\" data-id=\"6f9a2f4\" data-element_type=\"widget\" data-e-type=\"widget\" data-widget_type=\"heading.default\">\n\t\t\t\t<div class=\"elementor-widget-container\">\n\t\t\t\t\t<h3 class=\"elementor-heading-title elementor-size-default\">Plaque M\u00e9thacrylate<\/h3>\t\t\t\t<\/div>\n\t\t\t\t<\/div>\n\t\t<div class=\"elementor-element elementor-element-2908308 e-con-full e-flex e-con e-child\" data-id=\"2908308\" data-element_type=\"container\" data-e-type=\"container\">\n\t\t\t\t<div class=\"elementor-element elementor-element-9f898fb elementor-widget elementor-widget-heading\" data-id=\"9f898fb\" data-element_type=\"widget\" data-e-type=\"widget\" data-widget_type=\"heading.default\">\n\t\t\t\t<div class=\"elementor-widget-container\">\n\t\t\t\t\t<div class=\"elementor-heading-title elementor-size-default\"><span>Marketing<\/span><span>Marketing \/ Signal\u00e9tique<\/span><span>Plastiques techniques<\/span><span>Produit technique<\/span><\/div>\t\t\t\t<\/div>\n\t\t\t\t<\/div>\n\t\t\t\t<\/div>\n\t\t\t\t\t<\/div>\n\t\t\t\t<\/div>\n\t\t\t\t<\/a>\n\t\t\t\t<\/div>\n\t\t\t\t<div data-elementor-type=\"loop-item\" data-elementor-id=\"8078\" class=\"elementor elementor-8078 elementor-6781 elementor-6781 e-loop-item e-loop-item-8391 post-8391 producto type-producto status-publish has-post-thumbnail hentry sector-retail-marque-et-communication tipo-de-caracteristica-haute-resistance-usage-industriel tipo-de-caracteristica-visuels-communication tipo-de-material-pvc tipo-de-producto-marketing tipo-de-producto-marketing-signaletique tipo-de-producto-plastiques-techniques tipo-de-producto-produit-technique\" data-elementor-post-type=\"elementor_library\" data-custom-edit-handle=\"1\">\n\t\t\t<a class=\"elementor-element elementor-element-c78559e e-con-full e-transform e-flex e-con e-child\" data-id=\"c78559e\" data-element_type=\"container\" data-e-type=\"container\" data-settings=\"{&quot;background_background&quot;:&quot;classic&quot;,&quot;_transform_scale_effect_hover&quot;:{&quot;unit&quot;:&quot;px&quot;,&quot;size&quot;:0.96,&quot;sizes&quot;:[]},&quot;_transform_scale_effect_hover_laptop&quot;:{&quot;unit&quot;:&quot;px&quot;,&quot;size&quot;:&quot;&quot;,&quot;sizes&quot;:[]},&quot;_transform_scale_effect_hover_tablet&quot;:{&quot;unit&quot;:&quot;px&quot;,&quot;size&quot;:&quot;&quot;,&quot;sizes&quot;:[]},&quot;_transform_scale_effect_hover_mobile&quot;:{&quot;unit&quot;:&quot;px&quot;,&quot;size&quot;:&quot;&quot;,&quot;sizes&quot;:[]}}\" href=\"https:\/\/www.coemmo.com\/fr\/produit\/plaque-pvc-expanse\/\">\n\t\t\t\t<div class=\"elementor-element elementor-element-ce5a762 elementor-widget elementor-widget-image\" data-id=\"ce5a762\" data-element_type=\"widget\" data-e-type=\"widget\" data-widget_type=\"image.default\">\n\t\t\t\t<div class=\"elementor-widget-container\">\n\t\t\t\t\t\t\t\t\t\t\t\t\t\t\t<img decoding=\"async\" src=\"https:\/\/www.coemmo.com\/wp-content\/uploads\/elementor\/thumbs\/plancha-pvc-expandida-rhvr8tnfx56hv19xsppdm3i20u31767edeyv1xcsnk.jpg\" title=\"plaque-pvc-expanse\" alt=\"Plaque de PVC expans\u00e9 blanche, l\u00e9g\u00e8re et polyvalente pour l&#039;impression et le marquage.\" loading=\"lazy\" \/>\t\t\t\t\t\t\t\t\t\t\t\t\t\t\t<\/div>\n\t\t\t\t<\/div>\n\t\t<div class=\"elementor-element elementor-element-03a82c1 e-flex e-con-boxed e-con e-child\" data-id=\"03a82c1\" data-element_type=\"container\" data-e-type=\"container\">\n\t\t\t\t\t<div class=\"e-con-inner\">\n\t\t\t\t<div class=\"elementor-element elementor-element-6f9a2f4 elementor-widget elementor-widget-heading\" data-id=\"6f9a2f4\" data-element_type=\"widget\" data-e-type=\"widget\" data-widget_type=\"heading.default\">\n\t\t\t\t<div class=\"elementor-widget-container\">\n\t\t\t\t\t<h3 class=\"elementor-heading-title elementor-size-default\">Plaque PVC expans\u00e9<\/h3>\t\t\t\t<\/div>\n\t\t\t\t<\/div>\n\t\t<div class=\"elementor-element elementor-element-2908308 e-con-full e-flex e-con e-child\" data-id=\"2908308\" data-element_type=\"container\" data-e-type=\"container\">\n\t\t\t\t<div class=\"elementor-element elementor-element-9f898fb elementor-widget elementor-widget-heading\" data-id=\"9f898fb\" data-element_type=\"widget\" data-e-type=\"widget\" data-widget_type=\"heading.default\">\n\t\t\t\t<div class=\"elementor-widget-container\">\n\t\t\t\t\t<div class=\"elementor-heading-title elementor-size-default\"><span>Marketing<\/span><span>Marketing \/ Signal\u00e9tique<\/span><span>Plastiques techniques<\/span><span>Produit technique<\/span><\/div>\t\t\t\t<\/div>\n\t\t\t\t<\/div>\n\t\t\t\t<\/div>\n\t\t\t\t\t<\/div>\n\t\t\t\t<\/div>\n\t\t\t\t<\/a>\n\t\t\t\t<\/div>\n\t\t\t\t<div data-elementor-type=\"loop-item\" data-elementor-id=\"8078\" class=\"elementor elementor-8078 elementor-6781 elementor-6781 e-loop-item e-loop-item-8701 post-8701 producto type-producto status-publish has-post-thumbnail hentry sector-retail-marque-et-communication tipo-de-caracteristica-visuels-communication tipo-de-material-adhesifs tipo-de-producto-marketing-signaletique tipo-de-producto-signalisation\" data-elementor-post-type=\"elementor_library\" data-custom-edit-handle=\"1\">\n\t\t\t<a class=\"elementor-element elementor-element-c78559e e-con-full e-transform e-flex e-con e-child\" data-id=\"c78559e\" data-element_type=\"container\" data-e-type=\"container\" data-settings=\"{&quot;background_background&quot;:&quot;classic&quot;,&quot;_transform_scale_effect_hover&quot;:{&quot;unit&quot;:&quot;px&quot;,&quot;size&quot;:0.96,&quot;sizes&quot;:[]},&quot;_transform_scale_effect_hover_laptop&quot;:{&quot;unit&quot;:&quot;px&quot;,&quot;size&quot;:&quot;&quot;,&quot;sizes&quot;:[]},&quot;_transform_scale_effect_hover_tablet&quot;:{&quot;unit&quot;:&quot;px&quot;,&quot;size&quot;:&quot;&quot;,&quot;sizes&quot;:[]},&quot;_transform_scale_effect_hover_mobile&quot;:{&quot;unit&quot;:&quot;px&quot;,&quot;size&quot;:&quot;&quot;,&quot;sizes&quot;:[]}}\" href=\"https:\/\/www.coemmo.com\/fr\/produit\/vinyle-adhesif-double-vision\/\">\n\t\t\t\t<div class=\"elementor-element elementor-element-ce5a762 elementor-widget elementor-widget-image\" data-id=\"ce5a762\" data-element_type=\"widget\" data-e-type=\"widget\" data-widget_type=\"image.default\">\n\t\t\t\t<div class=\"elementor-widget-container\">\n\t\t\t\t\t\t\t\t\t\t\t\t\t\t\t<img decoding=\"async\" src=\"https:\/\/www.coemmo.com\/wp-content\/uploads\/elementor\/thumbs\/vinilo-adhesivo-doble-vision-rhvqvxb64ziujo0f44zoecockhnpkozzxkozz8ha1c.jpg\" title=\"vinyle-adh\u00e9sif-double-vision\" alt=\"Vinyle adh\u00e9sif double vision pour vitres, visible des deux c\u00f4t\u00e9s et facile \u00e0 appliquer.\" loading=\"lazy\" \/>\t\t\t\t\t\t\t\t\t\t\t\t\t\t\t<\/div>\n\t\t\t\t<\/div>\n\t\t<div class=\"elementor-element elementor-element-03a82c1 e-flex e-con-boxed e-con e-child\" data-id=\"03a82c1\" data-element_type=\"container\" data-e-type=\"container\">\n\t\t\t\t\t<div class=\"e-con-inner\">\n\t\t\t\t<div class=\"elementor-element elementor-element-6f9a2f4 elementor-widget elementor-widget-heading\" data-id=\"6f9a2f4\" data-element_type=\"widget\" data-e-type=\"widget\" data-widget_type=\"heading.default\">\n\t\t\t\t<div class=\"elementor-widget-container\">\n\t\t\t\t\t<h3 class=\"elementor-heading-title elementor-size-default\">Vinyle Adh\u00e9sif Double Vision<\/h3>\t\t\t\t<\/div>\n\t\t\t\t<\/div>\n\t\t<div class=\"elementor-element elementor-element-2908308 e-con-full e-flex e-con e-child\" data-id=\"2908308\" data-element_type=\"container\" data-e-type=\"container\">\n\t\t\t\t<div class=\"elementor-element elementor-element-9f898fb elementor-widget elementor-widget-heading\" data-id=\"9f898fb\" data-element_type=\"widget\" data-e-type=\"widget\" data-widget_type=\"heading.default\">\n\t\t\t\t<div class=\"elementor-widget-container\">\n\t\t\t\t\t<div class=\"elementor-heading-title elementor-size-default\"><span>Marketing \/ Signal\u00e9tique<\/span><span>Signalisation<\/span><\/div>\t\t\t\t<\/div>\n\t\t\t\t<\/div>\n\t\t\t\t<\/div>\n\t\t\t\t\t<\/div>\n\t\t\t\t<\/div>\n\t\t\t\t<\/a>\n\t\t\t\t<\/div>\n\t\t\t\t<div data-elementor-type=\"loop-item\" data-elementor-id=\"8078\" class=\"elementor elementor-8078 elementor-6781 elementor-6781 e-loop-item e-loop-item-8286 post-8286 producto type-producto status-publish has-post-thumbnail hentry sector-retail-marque-et-communication tipo-de-caracteristica-visuels-communication tipo-de-material-pvc tipo-de-producto-marketing-signaletique tipo-de-producto-signalisation\" data-elementor-post-type=\"elementor_library\" data-custom-edit-handle=\"1\">\n\t\t\t<a class=\"elementor-element elementor-element-c78559e e-con-full e-transform e-flex e-con e-child\" data-id=\"c78559e\" data-element_type=\"container\" data-e-type=\"container\" data-settings=\"{&quot;background_background&quot;:&quot;classic&quot;,&quot;_transform_scale_effect_hover&quot;:{&quot;unit&quot;:&quot;px&quot;,&quot;size&quot;:0.96,&quot;sizes&quot;:[]},&quot;_transform_scale_effect_hover_laptop&quot;:{&quot;unit&quot;:&quot;px&quot;,&quot;size&quot;:&quot;&quot;,&quot;sizes&quot;:[]},&quot;_transform_scale_effect_hover_tablet&quot;:{&quot;unit&quot;:&quot;px&quot;,&quot;size&quot;:&quot;&quot;,&quot;sizes&quot;:[]},&quot;_transform_scale_effect_hover_mobile&quot;:{&quot;unit&quot;:&quot;px&quot;,&quot;size&quot;:&quot;&quot;,&quot;sizes&quot;:[]}}\" href=\"https:\/\/www.coemmo.com\/fr\/produit\/panneaux-pvc-photoluminescent\/\">\n\t\t\t\t<div class=\"elementor-element elementor-element-ce5a762 elementor-widget elementor-widget-image\" data-id=\"ce5a762\" data-element_type=\"widget\" data-e-type=\"widget\" data-widget_type=\"image.default\">\n\t\t\t\t<div class=\"elementor-widget-container\">\n\t\t\t\t\t\t\t\t\t\t\t\t\t\t\t<img decoding=\"async\" src=\"https:\/\/www.coemmo.com\/wp-content\/uploads\/elementor\/thumbs\/paneles-pvc-fotoluminiscente-rhvqveiecat43grq5wv50hf4os8daqxd6znadp95hs.jpg\" title=\"panneaux-pvc-photoluminescent\" alt=\"Plan d&#039;\u00e9vacuation jour\/nuit imprim\u00e9 sur panneau PVC photoluminescent, visible en conditions de faible luminosit\u00e9.\" loading=\"lazy\" \/>\t\t\t\t\t\t\t\t\t\t\t\t\t\t\t<\/div>\n\t\t\t\t<\/div>\n\t\t<div class=\"elementor-element elementor-element-03a82c1 e-flex e-con-boxed e-con e-child\" data-id=\"03a82c1\" data-element_type=\"container\" data-e-type=\"container\">\n\t\t\t\t\t<div class=\"e-con-inner\">\n\t\t\t\t<div class=\"elementor-element elementor-element-6f9a2f4 elementor-widget elementor-widget-heading\" data-id=\"6f9a2f4\" data-element_type=\"widget\" data-e-type=\"widget\" data-widget_type=\"heading.default\">\n\t\t\t\t<div class=\"elementor-widget-container\">\n\t\t\t\t\t<h3 class=\"elementor-heading-title elementor-size-default\">Panneaux PVC Photoluminescent<\/h3>\t\t\t\t<\/div>\n\t\t\t\t<\/div>\n\t\t<div class=\"elementor-element elementor-element-2908308 e-con-full e-flex e-con e-child\" data-id=\"2908308\" data-element_type=\"container\" data-e-type=\"container\">\n\t\t\t\t<div class=\"elementor-element elementor-element-9f898fb elementor-widget elementor-widget-heading\" data-id=\"9f898fb\" data-element_type=\"widget\" data-e-type=\"widget\" data-widget_type=\"heading.default\">\n\t\t\t\t<div class=\"elementor-widget-container\">\n\t\t\t\t\t<div class=\"elementor-heading-title elementor-size-default\"><span>Marketing \/ Signal\u00e9tique<\/span><span>Signalisation<\/span><\/div>\t\t\t\t<\/div>\n\t\t\t\t<\/div>\n\t\t\t\t<\/div>\n\t\t\t\t\t<\/div>\n\t\t\t\t<\/div>\n\t\t\t\t<\/a>\n\t\t\t\t<\/div>\n\t\t\t\t<\/div>\n\t\t\n\t\t\t\t\t\t<\/div>\n\t\t\t\t<\/div>\n\t\t\t\t<\/div>\n\t\t\t\t\t<\/div>\n\t\t\t\t<\/div>\n\t\t\t\t<\/div>\n\t\t","protected":false},"excerpt":{"rendered":"<p>Solutions de pr\u00e9sentation et de communication pour le commerce de d\u00e9tail et la marque Chez COEMMO, nous d\u00e9veloppons des solutions de pr\u00e9sentation, de communication et de signalisation pour le secteur du commerce de d\u00e9tail et de la marque, con\u00e7ues pour renforcer l&rsquo;image de marque et am\u00e9liorer l&rsquo;exp\u00e9rience client dans les points de vente, les salons&hellip;&nbsp;<\/p>\n","protected":false},"author":1,"featured_media":0,"parent":0,"menu_order":0,"comment_status":"closed","ping_status":"closed","template":"page-templates\/template-pagebuilder-full-width.php","meta":{"_acf_changed":false,"neve_meta_sidebar":"","neve_meta_container":"","neve_meta_enable_content_width":"off","neve_meta_content_width":100,"neve_meta_title_alignment":"","neve_meta_author_avatar":"","neve_post_elements_order":"","neve_meta_disable_header":"","neve_meta_disable_footer":"","neve_meta_disable_title":"","footnotes":""},"class_list":["post-7903","page","type-page","status-publish","hentry"],"acf":[],"yoast_head":"<!-- This site is optimized with the Yoast SEO plugin v27.4 - https:\/\/yoast.com\/product\/yoast-seo-wordpress\/ -->\n<title>Acheter des emballages pour le commerce de d\u00e9tail, la marque et la communication<\/title>\n<meta name=\"description\" content=\"Nous travaillons avec des mat\u00e9riaux visuels et des supports personnalisables qui permettent de communiquer, de signaler et de pr\u00e9senter les produits de mani\u00e8re efficace\" \/>\n<meta name=\"robots\" content=\"index, follow, max-snippet:-1, max-image-preview:large, max-video-preview:-1\" \/>\n<link rel=\"canonical\" href=\"https:\/\/www.coemmo.com\/fr\/commerce-de-detail-marque-et-communication\/\" \/>\n<meta property=\"og:locale\" content=\"fr_FR\" \/>\n<meta property=\"og:type\" content=\"article\" \/>\n<meta property=\"og:title\" content=\"Acheter des emballages pour le commerce de d\u00e9tail, la marque et la communication\" \/>\n<meta property=\"og:description\" content=\"Nous travaillons avec des mat\u00e9riaux visuels et des supports personnalisables qui permettent de communiquer, de signaler et de pr\u00e9senter les produits de mani\u00e8re efficace\" \/>\n<meta property=\"og:url\" content=\"https:\/\/www.coemmo.com\/fr\/commerce-de-detail-marque-et-communication\/\" \/>\n<meta property=\"og:site_name\" content=\"COEMMO\" \/>\n<meta property=\"article:modified_time\" content=\"2026-03-04T14:20:15+00:00\" \/>\n<meta property=\"og:image\" content=\"https:\/\/www.coemmo.com\/wp-content\/uploads\/2026\/03\/Coemmo-logo.jpg\" \/>\n\t<meta property=\"og:image:width\" content=\"1280\" \/>\n\t<meta property=\"og:image:height\" content=\"720\" \/>\n\t<meta property=\"og:image:type\" content=\"image\/jpeg\" \/>\n<meta name=\"twitter:card\" content=\"summary_large_image\" \/>\n<meta name=\"twitter:label1\" content=\"Dur\u00e9e de lecture estim\u00e9e\" \/>\n\t<meta name=\"twitter:data1\" content=\"1 minute\" \/>\n<script type=\"application\/ld+json\" class=\"yoast-schema-graph\">{\"@context\":\"https:\\\/\\\/schema.org\",\"@graph\":[{\"@type\":\"WebPage\",\"@id\":\"https:\\\/\\\/www.coemmo.com\\\/fr\\\/commerce-de-detail-marque-et-communication\\\/\",\"url\":\"https:\\\/\\\/www.coemmo.com\\\/fr\\\/commerce-de-detail-marque-et-communication\\\/\",\"name\":\"Acheter des emballages pour le commerce de d\u00e9tail, la marque et la communication\",\"isPartOf\":{\"@id\":\"https:\\\/\\\/www.coemmo.com\\\/fr\\\/#website\"},\"datePublished\":\"2026-01-30T08:33:15+00:00\",\"dateModified\":\"2026-03-04T14:20:15+00:00\",\"description\":\"Nous travaillons avec des mat\u00e9riaux visuels et des supports personnalisables qui permettent de communiquer, de signaler et de pr\u00e9senter les produits de mani\u00e8re efficace\",\"breadcrumb\":{\"@id\":\"https:\\\/\\\/www.coemmo.com\\\/fr\\\/commerce-de-detail-marque-et-communication\\\/#breadcrumb\"},\"inLanguage\":\"fr-FR\",\"potentialAction\":[{\"@type\":\"ReadAction\",\"target\":[\"https:\\\/\\\/www.coemmo.com\\\/fr\\\/commerce-de-detail-marque-et-communication\\\/\"]}]},{\"@type\":\"BreadcrumbList\",\"@id\":\"https:\\\/\\\/www.coemmo.com\\\/fr\\\/commerce-de-detail-marque-et-communication\\\/#breadcrumb\",\"itemListElement\":[{\"@type\":\"ListItem\",\"position\":1,\"name\":\"Portada\",\"item\":\"https:\\\/\\\/www.coemmo.com\\\/fr\\\/accueil\\\/\"},{\"@type\":\"ListItem\",\"position\":2,\"name\":\"Commerce de d\u00e9tail, marque et communication\"}]},{\"@type\":\"WebSite\",\"@id\":\"https:\\\/\\\/www.coemmo.com\\\/fr\\\/#website\",\"url\":\"https:\\\/\\\/www.coemmo.com\\\/fr\\\/\",\"name\":\"COEMMO\",\"description\":\"Fabricamos soluciones de embalaje\",\"publisher\":{\"@id\":\"https:\\\/\\\/www.coemmo.com\\\/fr\\\/#organization\"},\"alternateName\":\"COEMMO Packaging\",\"potentialAction\":[{\"@type\":\"SearchAction\",\"target\":{\"@type\":\"EntryPoint\",\"urlTemplate\":\"https:\\\/\\\/www.coemmo.com\\\/fr\\\/?s={search_term_string}\"},\"query-input\":{\"@type\":\"PropertyValueSpecification\",\"valueRequired\":true,\"valueName\":\"search_term_string\"}}],\"inLanguage\":\"fr-FR\"},{\"@type\":\"Organization\",\"@id\":\"https:\\\/\\\/www.coemmo.com\\\/fr\\\/#organization\",\"name\":\"COEMMO\",\"alternateName\":\"COEMMO Packaging\",\"url\":\"https:\\\/\\\/www.coemmo.com\\\/fr\\\/\",\"logo\":{\"@type\":\"ImageObject\",\"inLanguage\":\"fr-FR\",\"@id\":\"https:\\\/\\\/www.coemmo.com\\\/fr\\\/#\\\/schema\\\/logo\\\/image\\\/\",\"url\":\"https:\\\/\\\/www.coemmo.com\\\/wp-content\\\/uploads\\\/2025\\\/06\\\/favicon.png\",\"contentUrl\":\"https:\\\/\\\/www.coemmo.com\\\/wp-content\\\/uploads\\\/2025\\\/06\\\/favicon.png\",\"width\":512,\"height\":512,\"caption\":\"COEMMO\"},\"image\":{\"@id\":\"https:\\\/\\\/www.coemmo.com\\\/fr\\\/#\\\/schema\\\/logo\\\/image\\\/\"},\"sameAs\":[\"https:\\\/\\\/www.linkedin.com\\\/company\\\/coemmo?originalSubdomain=es\"]}]}<\/script>\n<!-- \/ Yoast SEO plugin. -->","yoast_head_json":{"title":"Acheter des emballages pour le commerce de d\u00e9tail, la marque et la communication","description":"Nous travaillons avec des mat\u00e9riaux visuels et des supports personnalisables qui permettent de communiquer, de signaler et de pr\u00e9senter les produits de mani\u00e8re efficace","robots":{"index":"index","follow":"follow","max-snippet":"max-snippet:-1","max-image-preview":"max-image-preview:large","max-video-preview":"max-video-preview:-1"},"canonical":"https:\/\/www.coemmo.com\/fr\/commerce-de-detail-marque-et-communication\/","og_locale":"fr_FR","og_type":"article","og_title":"Acheter des emballages pour le commerce de d\u00e9tail, la marque et la communication","og_description":"Nous travaillons avec des mat\u00e9riaux visuels et des supports personnalisables qui permettent de communiquer, de signaler et de pr\u00e9senter les produits de mani\u00e8re efficace","og_url":"https:\/\/www.coemmo.com\/fr\/commerce-de-detail-marque-et-communication\/","og_site_name":"COEMMO","article_modified_time":"2026-03-04T14:20:15+00:00","og_image":[{"width":1280,"height":720,"url":"https:\/\/www.coemmo.com\/wp-content\/uploads\/2026\/03\/Coemmo-logo.jpg","type":"image\/jpeg"}],"twitter_card":"summary_large_image","twitter_misc":{"Dur\u00e9e de lecture estim\u00e9e":"1 minute"},"schema":{"@context":"https:\/\/schema.org","@graph":[{"@type":"WebPage","@id":"https:\/\/www.coemmo.com\/fr\/commerce-de-detail-marque-et-communication\/","url":"https:\/\/www.coemmo.com\/fr\/commerce-de-detail-marque-et-communication\/","name":"Acheter des emballages pour le commerce de d\u00e9tail, la marque et la communication","isPartOf":{"@id":"https:\/\/www.coemmo.com\/fr\/#website"},"datePublished":"2026-01-30T08:33:15+00:00","dateModified":"2026-03-04T14:20:15+00:00","description":"Nous travaillons avec des mat\u00e9riaux visuels et des supports personnalisables qui permettent de communiquer, de signaler et de pr\u00e9senter les produits de mani\u00e8re efficace","breadcrumb":{"@id":"https:\/\/www.coemmo.com\/fr\/commerce-de-detail-marque-et-communication\/#breadcrumb"},"inLanguage":"fr-FR","potentialAction":[{"@type":"ReadAction","target":["https:\/\/www.coemmo.com\/fr\/commerce-de-detail-marque-et-communication\/"]}]},{"@type":"BreadcrumbList","@id":"https:\/\/www.coemmo.com\/fr\/commerce-de-detail-marque-et-communication\/#breadcrumb","itemListElement":[{"@type":"ListItem","position":1,"name":"Portada","item":"https:\/\/www.coemmo.com\/fr\/accueil\/"},{"@type":"ListItem","position":2,"name":"Commerce de d\u00e9tail, marque et communication"}]},{"@type":"WebSite","@id":"https:\/\/www.coemmo.com\/fr\/#website","url":"https:\/\/www.coemmo.com\/fr\/","name":"COEMMO","description":"Fabricamos soluciones de embalaje","publisher":{"@id":"https:\/\/www.coemmo.com\/fr\/#organization"},"alternateName":"COEMMO Packaging","potentialAction":[{"@type":"SearchAction","target":{"@type":"EntryPoint","urlTemplate":"https:\/\/www.coemmo.com\/fr\/?s={search_term_string}"},"query-input":{"@type":"PropertyValueSpecification","valueRequired":true,"valueName":"search_term_string"}}],"inLanguage":"fr-FR"},{"@type":"Organization","@id":"https:\/\/www.coemmo.com\/fr\/#organization","name":"COEMMO","alternateName":"COEMMO Packaging","url":"https:\/\/www.coemmo.com\/fr\/","logo":{"@type":"ImageObject","inLanguage":"fr-FR","@id":"https:\/\/www.coemmo.com\/fr\/#\/schema\/logo\/image\/","url":"https:\/\/www.coemmo.com\/wp-content\/uploads\/2025\/06\/favicon.png","contentUrl":"https:\/\/www.coemmo.com\/wp-content\/uploads\/2025\/06\/favicon.png","width":512,"height":512,"caption":"COEMMO"},"image":{"@id":"https:\/\/www.coemmo.com\/fr\/#\/schema\/logo\/image\/"},"sameAs":["https:\/\/www.linkedin.com\/company\/coemmo?originalSubdomain=es"]}]}},"_links":{"self":[{"href":"https:\/\/www.coemmo.com\/fr\/wp-json\/wp\/v2\/pages\/7903","targetHints":{"allow":["GET"]}}],"collection":[{"href":"https:\/\/www.coemmo.com\/fr\/wp-json\/wp\/v2\/pages"}],"about":[{"href":"https:\/\/www.coemmo.com\/fr\/wp-json\/wp\/v2\/types\/page"}],"author":[{"embeddable":true,"href":"https:\/\/www.coemmo.com\/fr\/wp-json\/wp\/v2\/users\/1"}],"replies":[{"embeddable":true,"href":"https:\/\/www.coemmo.com\/fr\/wp-json\/wp\/v2\/comments?post=7903"}],"version-history":[{"count":1,"href":"https:\/\/www.coemmo.com\/fr\/wp-json\/wp\/v2\/pages\/7903\/revisions"}],"predecessor-version":[{"id":7906,"href":"https:\/\/www.coemmo.com\/fr\/wp-json\/wp\/v2\/pages\/7903\/revisions\/7906"}],"wp:attachment":[{"href":"https:\/\/www.coemmo.com\/fr\/wp-json\/wp\/v2\/media?parent=7903"}],"curies":[{"name":"wp","href":"https:\/\/api.w.org\/{rel}","templated":true}]}}