{"id":8243,"date":"2023-11-10T09:34:01","date_gmt":"2023-11-10T08:34:01","guid":{"rendered":"https:\/\/www.coemmo.com\/politica-de-privadesa\/"},"modified":"2026-03-04T15:26:57","modified_gmt":"2026-03-04T14:26:57","slug":"politica-de-privadesa","status":"publish","type":"page","link":"https:\/\/www.coemmo.com\/ca\/politica-de-privadesa\/","title":{"rendered":"Pol\u00edtica de privadesa"},"content":{"rendered":"\t\t<div data-elementor-type=\"wp-page\" data-elementor-id=\"8243\" class=\"elementor elementor-8243 elementor-2599\" data-elementor-post-type=\"page\">\n\t\t\t\t<div class=\"elementor-element elementor-element-3bfe5a6 animated-slow e-flex e-con-boxed elementor-invisible e-con e-parent\" data-id=\"3bfe5a6\" data-element_type=\"container\" data-e-type=\"container\" data-settings=\"{&quot;background_background&quot;:&quot;classic&quot;,&quot;animation&quot;:&quot;fadeIn&quot;,&quot;animation_delay&quot;:500}\">\n\t\t\t\t\t<div class=\"e-con-inner\">\n\t\t\t\t<div class=\"elementor-element elementor-element-59154fa elementor-widget elementor-widget-heading\" data-id=\"59154fa\" data-element_type=\"widget\" data-e-type=\"widget\" data-widget_type=\"heading.default\">\n\t\t\t\t<div class=\"elementor-widget-container\">\n\t\t\t\t\t<h1 class=\"elementor-heading-title elementor-size-default\">Pol\u00edtica de privadesa<\/h1>\t\t\t\t<\/div>\n\t\t\t\t<\/div>\n\t\t\t\t\t<\/div>\n\t\t\t\t<\/div>\n\t\t<div class=\"elementor-element elementor-element-4fb4b3f e-flex e-con-boxed e-con e-parent\" data-id=\"4fb4b3f\" data-element_type=\"container\" data-e-type=\"container\">\n\t\t\t\t\t<div class=\"e-con-inner\">\n\t\t\t\t<div class=\"elementor-element elementor-element-be1f9de animated-slow elementor-invisible elementor-widget elementor-widget-text-editor\" data-id=\"be1f9de\" data-element_type=\"widget\" data-e-type=\"widget\" data-settings=\"{&quot;_animation&quot;:&quot;fadeIn&quot;,&quot;_animation_delay&quot;:600}\" data-widget_type=\"text-editor.default\">\n\t\t\t\t<div class=\"elementor-widget-container\">\n\t\t\t\t\t\t\t\t\t<p><strong>Reglament General de Protecci\u00f3 de Dades (RGPD) \u2013 Desembre de 2018.<\/strong><\/p><p>Us informem que les dades personals dels nostres clients seran tractades de conformitat amb la legislaci\u00f3 vigent en mat\u00e8ria de protecci\u00f3 de dades personals, la privadesa dels usuaris i el secret i seguretat de les dades personals, de conformitat amb el que estableix la Llei Org\u00e0nica 3\/2018, de 5 de desembre, de Protecci\u00f3 de Dades Personals i garantia dels drets digitals (LOPDGDD) i en el Reglament (UE) 2016\/679 del Parlament Europeu i del Consell de 27 d&#8217;abril de 2016 relatiu a la protecci\u00f3 de les persones f\u00edsiques pel que fa al tractament de dades personals (RGPD).<\/p><p>Per tal de complir amb l&#8217;esmentat Reglament, hem actualitzat la nostra Pol\u00edtica de Privadesa:<\/p><p>Responsable: <strong>RC COEMMO, S.L<\/strong>. amb CIF <strong>B60428521<\/strong> <\/p><p><strong>FINALITAT DEL TRACTAMENT<\/strong><br>Tractem la informaci\u00f3 que ens facilita amb la finalitat de prestar-los el servei sol\u00b7licitat i enviar-los comunicacions relatives al contingut dels nostres productes i serveis.<\/p><ul><li><strong>Proced\u00e8ncia i categoria de dades tractades:<\/strong> les dades personals que tractarem s\u00f3n les vostres dades identificatives que vost\u00e8 ens faciliti a trav\u00e9s del formulari de registre que trobareu al nostre lloc web.<\/li><li><strong>Temps de conservaci\u00f3:<\/strong> les dades proporcionades es conservaran mentre es mantingui la relaci\u00f3 comercial o durant els anys necessaris per complir amb les obligacions legals.<\/li><li><strong>Legitimaci\u00f3:<\/strong> tractem les vostres dades nom\u00e9s si comptem amb el vostre consentiment expr\u00e9s i informat per fer-ho, i sempre conforme a les finalitats descrites.<\/li><li><strong>Destinataris:<\/strong> les dades que vost\u00e8 ens faciliti no es cediran a tercers excepte en els casos en qu\u00e8 existeixi una obligaci\u00f3 legal.<\/li><\/ul><p><br>Si b\u00e9, per dur a terme determinades funcions necess\u00e0ries per a la prestaci\u00f3 del servei, les vostres dades poden ser tractades per tercers que actuaran com a encarregats de tractament i que estaran obligats contractualment a complir amb les seves obligacions legals d&#8217;encarregat de tractament, a mantenir la confidencialitat i secret de la informaci\u00f3.<\/p><p><strong>DRETS<\/strong><br>Vost\u00e8 \u00e9s titular dels seg\u00fcents drets sobre les seves dades de car\u00e0cter personal:<\/p><ul><li>Dret a sol\u00b7licitar l&#8217;acc\u00e9s a les dades personals.<\/li><li>Dret a sol\u00b7licitar la seva rectificaci\u00f3 o supressi\u00f3.<\/li><li>Dret a sol\u00b7licitar la limitaci\u00f3 o oposici\u00f3 del seu tractament.<\/li><li>Revocaci\u00f3 del consentiment prestat.<\/li><li>Dret a la portabilitat de les vostres dades<\/li><\/ul><p>Per a l&#8217;exercici dels drets haur\u00e0 de dirigir-nos una comunicaci\u00f3 escrita a trav\u00e9s de correu electr\u00f2nic a l&#8217;adre\u00e7a <a href=\"mailto:info@coemmo.com\">info@coemmo.com<\/a> especificant el dret que desitja exercitar.<\/p><p>Aix\u00ed mateix, us informem que podeu sol\u00b7licitar la tutela dels vostres drets davant l&#8217;Ag\u00e8ncia Espanyola de Protecci\u00f3 de Dades amb seu al Carrer de Jorge Juan, 6, 28001 Madrid.<\/p>\t\t\t\t\t\t\t\t<\/div>\n\t\t\t\t<\/div>\n\t\t\t\t\t<\/div>\n\t\t\t\t<\/div>\n\t\t\t\t<\/div>\n\t\t","protected":false},"excerpt":{"rendered":"<p>Reglament General de Protecci\u00f3 de Dades (RGPD) \u2013 Desembre de 2018. Us informem que les dades personals dels nostres clients seran tractades de conformitat amb la legislaci\u00f3 vigent en mat\u00e8ria de protecci\u00f3 de dades personals, la privadesa dels usuaris i el secret i seguretat de les dades personals, de conformitat amb el que estableix la&hellip;&nbsp;<\/p>\n","protected":false},"author":1,"featured_media":0,"parent":0,"menu_order":0,"comment_status":"closed","ping_status":"closed","template":"page-templates\/template-pagebuilder-full-width.php","meta":{"_acf_changed":false,"neve_meta_sidebar":"","neve_meta_container":"","neve_meta_enable_content_width":"off","neve_meta_content_width":100,"neve_meta_title_alignment":"","neve_meta_author_avatar":"","neve_post_elements_order":"","neve_meta_disable_header":"","neve_meta_disable_footer":"","neve_meta_disable_title":"","footnotes":""},"class_list":["post-8243","page","type-page","status-publish","hentry"],"acf":[],"yoast_head":"<!-- This site is optimized with the Yoast SEO plugin v27.4 - https:\/\/yoast.com\/product\/yoast-seo-wordpress\/ -->\n<title>Pol\u00edtica de privadesa | COEMMO<\/title>\n<meta name=\"description\" content=\"Pol\u00edtica de privadesa de RC COEMMO: protecci\u00f3 i tractament de dades personals de l&#039;usuari, \u00fas responsable i seguretat de la informaci\u00f3.\" \/>\n<meta name=\"robots\" content=\"noindex, follow\" \/>\n<meta property=\"og:locale\" content=\"ca_ES\" \/>\n<meta property=\"og:type\" content=\"article\" \/>\n<meta property=\"og:title\" content=\"Pol\u00edtica de privadesa | COEMMO\" \/>\n<meta property=\"og:description\" content=\"Pol\u00edtica de privadesa de RC COEMMO: protecci\u00f3 i tractament de dades personals de l&#039;usuari, \u00fas responsable i seguretat de la informaci\u00f3.\" \/>\n<meta property=\"og:url\" content=\"https:\/\/www.coemmo.com\/ca\/politica-de-privadesa\/\" \/>\n<meta property=\"og:site_name\" content=\"COEMMO\" \/>\n<meta property=\"article:modified_time\" content=\"2026-03-04T14:26:57+00:00\" \/>\n<meta property=\"og:image\" content=\"https:\/\/www.coemmo.com\/wp-content\/uploads\/2026\/03\/Coemmo-logo.jpg\" \/>\n\t<meta property=\"og:image:width\" content=\"1280\" \/>\n\t<meta property=\"og:image:height\" content=\"720\" \/>\n\t<meta property=\"og:image:type\" content=\"image\/jpeg\" \/>\n<meta name=\"twitter:card\" content=\"summary_large_image\" \/>\n<meta name=\"twitter:label1\" content=\"Temps estimat de lectura\" \/>\n\t<meta name=\"twitter:data1\" content=\"2 minut\" \/>\n<script type=\"application\/ld+json\" class=\"yoast-schema-graph\">{\"@context\":\"https:\\\/\\\/schema.org\",\"@graph\":[{\"@type\":\"WebPage\",\"@id\":\"https:\\\/\\\/www.coemmo.com\\\/ca\\\/politica-de-privadesa\\\/\",\"url\":\"https:\\\/\\\/www.coemmo.com\\\/ca\\\/politica-de-privadesa\\\/\",\"name\":\"Pol\u00edtica de privadesa | COEMMO\",\"isPartOf\":{\"@id\":\"https:\\\/\\\/www.coemmo.com\\\/ca\\\/#website\"},\"datePublished\":\"2023-11-10T08:34:01+00:00\",\"dateModified\":\"2026-03-04T14:26:57+00:00\",\"description\":\"Pol\u00edtica de privadesa de RC COEMMO: protecci\u00f3 i tractament de dades personals de l'usuari, \u00fas responsable i seguretat de la informaci\u00f3.\",\"breadcrumb\":{\"@id\":\"https:\\\/\\\/www.coemmo.com\\\/ca\\\/politica-de-privadesa\\\/#breadcrumb\"},\"inLanguage\":\"ca\",\"potentialAction\":[{\"@type\":\"ReadAction\",\"target\":[\"https:\\\/\\\/www.coemmo.com\\\/ca\\\/politica-de-privadesa\\\/\"]}]},{\"@type\":\"BreadcrumbList\",\"@id\":\"https:\\\/\\\/www.coemmo.com\\\/ca\\\/politica-de-privadesa\\\/#breadcrumb\",\"itemListElement\":[{\"@type\":\"ListItem\",\"position\":1,\"name\":\"Portada\",\"item\":\"https:\\\/\\\/www.coemmo.com\\\/ca\\\/\"},{\"@type\":\"ListItem\",\"position\":2,\"name\":\"Pol\u00edtica de privadesa\"}]},{\"@type\":\"WebSite\",\"@id\":\"https:\\\/\\\/www.coemmo.com\\\/ca\\\/#website\",\"url\":\"https:\\\/\\\/www.coemmo.com\\\/ca\\\/\",\"name\":\"COEMMO\",\"description\":\"Fabricamos soluciones de embalaje\",\"publisher\":{\"@id\":\"https:\\\/\\\/www.coemmo.com\\\/ca\\\/#organization\"},\"alternateName\":\"COEMMO Packaging\",\"potentialAction\":[{\"@type\":\"SearchAction\",\"target\":{\"@type\":\"EntryPoint\",\"urlTemplate\":\"https:\\\/\\\/www.coemmo.com\\\/ca\\\/?s={search_term_string}\"},\"query-input\":{\"@type\":\"PropertyValueSpecification\",\"valueRequired\":true,\"valueName\":\"search_term_string\"}}],\"inLanguage\":\"ca\"},{\"@type\":\"Organization\",\"@id\":\"https:\\\/\\\/www.coemmo.com\\\/ca\\\/#organization\",\"name\":\"COEMMO\",\"alternateName\":\"COEMMO Packaging\",\"url\":\"https:\\\/\\\/www.coemmo.com\\\/ca\\\/\",\"logo\":{\"@type\":\"ImageObject\",\"inLanguage\":\"ca\",\"@id\":\"https:\\\/\\\/www.coemmo.com\\\/ca\\\/#\\\/schema\\\/logo\\\/image\\\/\",\"url\":\"https:\\\/\\\/www.coemmo.com\\\/wp-content\\\/uploads\\\/2025\\\/06\\\/favicon.png\",\"contentUrl\":\"https:\\\/\\\/www.coemmo.com\\\/wp-content\\\/uploads\\\/2025\\\/06\\\/favicon.png\",\"width\":512,\"height\":512,\"caption\":\"COEMMO\"},\"image\":{\"@id\":\"https:\\\/\\\/www.coemmo.com\\\/ca\\\/#\\\/schema\\\/logo\\\/image\\\/\"},\"sameAs\":[\"https:\\\/\\\/www.linkedin.com\\\/company\\\/coemmo?originalSubdomain=es\"]}]}<\/script>\n<!-- \/ Yoast SEO plugin. -->","yoast_head_json":{"title":"Pol\u00edtica de privadesa | COEMMO","description":"Pol\u00edtica de privadesa de RC COEMMO: protecci\u00f3 i tractament de dades personals de l'usuari, \u00fas responsable i seguretat de la informaci\u00f3.","robots":{"index":"noindex","follow":"follow"},"og_locale":"ca_ES","og_type":"article","og_title":"Pol\u00edtica de privadesa | COEMMO","og_description":"Pol\u00edtica de privadesa de RC COEMMO: protecci\u00f3 i tractament de dades personals de l'usuari, \u00fas responsable i seguretat de la informaci\u00f3.","og_url":"https:\/\/www.coemmo.com\/ca\/politica-de-privadesa\/","og_site_name":"COEMMO","article_modified_time":"2026-03-04T14:26:57+00:00","og_image":[{"width":1280,"height":720,"url":"https:\/\/www.coemmo.com\/wp-content\/uploads\/2026\/03\/Coemmo-logo.jpg","type":"image\/jpeg"}],"twitter_card":"summary_large_image","twitter_misc":{"Temps estimat de lectura":"2 minut"},"schema":{"@context":"https:\/\/schema.org","@graph":[{"@type":"WebPage","@id":"https:\/\/www.coemmo.com\/ca\/politica-de-privadesa\/","url":"https:\/\/www.coemmo.com\/ca\/politica-de-privadesa\/","name":"Pol\u00edtica de privadesa | COEMMO","isPartOf":{"@id":"https:\/\/www.coemmo.com\/ca\/#website"},"datePublished":"2023-11-10T08:34:01+00:00","dateModified":"2026-03-04T14:26:57+00:00","description":"Pol\u00edtica de privadesa de RC COEMMO: protecci\u00f3 i tractament de dades personals de l'usuari, \u00fas responsable i seguretat de la informaci\u00f3.","breadcrumb":{"@id":"https:\/\/www.coemmo.com\/ca\/politica-de-privadesa\/#breadcrumb"},"inLanguage":"ca","potentialAction":[{"@type":"ReadAction","target":["https:\/\/www.coemmo.com\/ca\/politica-de-privadesa\/"]}]},{"@type":"BreadcrumbList","@id":"https:\/\/www.coemmo.com\/ca\/politica-de-privadesa\/#breadcrumb","itemListElement":[{"@type":"ListItem","position":1,"name":"Portada","item":"https:\/\/www.coemmo.com\/ca\/"},{"@type":"ListItem","position":2,"name":"Pol\u00edtica de privadesa"}]},{"@type":"WebSite","@id":"https:\/\/www.coemmo.com\/ca\/#website","url":"https:\/\/www.coemmo.com\/ca\/","name":"COEMMO","description":"Fabricamos soluciones de embalaje","publisher":{"@id":"https:\/\/www.coemmo.com\/ca\/#organization"},"alternateName":"COEMMO Packaging","potentialAction":[{"@type":"SearchAction","target":{"@type":"EntryPoint","urlTemplate":"https:\/\/www.coemmo.com\/ca\/?s={search_term_string}"},"query-input":{"@type":"PropertyValueSpecification","valueRequired":true,"valueName":"search_term_string"}}],"inLanguage":"ca"},{"@type":"Organization","@id":"https:\/\/www.coemmo.com\/ca\/#organization","name":"COEMMO","alternateName":"COEMMO Packaging","url":"https:\/\/www.coemmo.com\/ca\/","logo":{"@type":"ImageObject","inLanguage":"ca","@id":"https:\/\/www.coemmo.com\/ca\/#\/schema\/logo\/image\/","url":"https:\/\/www.coemmo.com\/wp-content\/uploads\/2025\/06\/favicon.png","contentUrl":"https:\/\/www.coemmo.com\/wp-content\/uploads\/2025\/06\/favicon.png","width":512,"height":512,"caption":"COEMMO"},"image":{"@id":"https:\/\/www.coemmo.com\/ca\/#\/schema\/logo\/image\/"},"sameAs":["https:\/\/www.linkedin.com\/company\/coemmo?originalSubdomain=es"]}]}},"_links":{"self":[{"href":"https:\/\/www.coemmo.com\/ca\/wp-json\/wp\/v2\/pages\/8243","targetHints":{"allow":["GET"]}}],"collection":[{"href":"https:\/\/www.coemmo.com\/ca\/wp-json\/wp\/v2\/pages"}],"about":[{"href":"https:\/\/www.coemmo.com\/ca\/wp-json\/wp\/v2\/types\/page"}],"author":[{"embeddable":true,"href":"https:\/\/www.coemmo.com\/ca\/wp-json\/wp\/v2\/users\/1"}],"replies":[{"embeddable":true,"href":"https:\/\/www.coemmo.com\/ca\/wp-json\/wp\/v2\/comments?post=8243"}],"version-history":[{"count":1,"href":"https:\/\/www.coemmo.com\/ca\/wp-json\/wp\/v2\/pages\/8243\/revisions"}],"predecessor-version":[{"id":8244,"href":"https:\/\/www.coemmo.com\/ca\/wp-json\/wp\/v2\/pages\/8243\/revisions\/8244"}],"wp:attachment":[{"href":"https:\/\/www.coemmo.com\/ca\/wp-json\/wp\/v2\/media?parent=8243"}],"curies":[{"name":"wp","href":"https:\/\/api.w.org\/{rel}","templated":true}]}}